{"id":37,"date":"2022-10-17T20:15:49","date_gmt":"2022-10-17T20:15:49","guid":{"rendered":"http:\/\/capucineduo-fr.preview-domain.com\/?page_id=37"},"modified":"2022-10-25T21:47:17","modified_gmt":"2022-10-25T21:47:17","slug":"les-articles","status":"publish","type":"page","link":"https:\/\/capucineduo.fr\/?page_id=37","title":{"rendered":"Les articles"},"content":{"rendered":"<ul class=\"wp-block-latest-posts__list wp-block-latest-posts\"><li><a class=\"wp-block-latest-posts__post-title\" href=\"https:\/\/capucineduo.fr\/?p=330\">Concert &#8211; La Cabane &#8211; 22 ao\u00fbt 2025<\/a><div class=\"wp-block-latest-posts__post-excerpt\">Un \u00e9norme merci \u00e0 La Cabane situ\u00e9e \u00e0 Abergement La Ronce, pour leur accueil, sympathie et pour cette superbe soir\u00e9e. N\u2019h\u00e9sitez pas \u00e0 vous y &hellip; <\/div><\/li>\n<li><a class=\"wp-block-latest-posts__post-title\" href=\"https:\/\/capucineduo.fr\/?p=325\">Concert &#8211; Le Cercle des Ar\u00f4me &#8211; 06 d\u00e9cembre 24<\/a><div class=\"wp-block-latest-posts__post-excerpt\">Un \u00e9norme merci au Le Cercle des Ar\u00f4mes &#8211; Dole, aux amis, la famille et au public pour cette belle soir\u00e9e \u00e0 l\u2019occasion des Bars &hellip; <\/div><\/li>\n<li><a class=\"wp-block-latest-posts__post-title\" href=\"https:\/\/capucineduo.fr\/?p=318\">Concert &#8211; Marathon de Chablis &#8211; 26 octobre 2024<\/a><div class=\"wp-block-latest-posts__post-excerpt\">Grosse ambiance ce matin au Marathon de Chablis \ud83d\ude1cUn grand merci aux organisateurs, b\u00e9n\u00e9voles et sportifs \ud83d\ude0d\ud83e\udd18<\/div><\/li>\n<li><a class=\"wp-block-latest-posts__post-title\" href=\"https:\/\/capucineduo.fr\/?p=309\">Concert &#8211; Jeudi En Musique \u00e0 Dole &#8211; 15 ao\u00fbt 2024<\/a><div class=\"wp-block-latest-posts__post-excerpt\">Nous avons pass\u00e9 une soir\u00e9e magique au Jeudi en Musique \u00e0 Dole \ud83d\ude0d\ud83e\udd70Un \u00e9norme merci au Comit\u00e9 des f\u00eates de Dole pour l\u2019accueil et l\u2019organisation &hellip; <\/div><\/li>\n<li><a class=\"wp-block-latest-posts__post-title\" href=\"https:\/\/capucineduo.fr\/?p=299\">Concert &#8211; Restaurant Il Ristorante &#8211; 13 ao\u00fbt 2024<\/a><div class=\"wp-block-latest-posts__post-excerpt\">Un grand merci au Il Ristorante \u00c0 Quetigny, aux amis, la famille et au super public pour cette belle soir\u00e9e.<\/div><\/li>\n<li><a class=\"wp-block-latest-posts__post-title\" href=\"https:\/\/capucineduo.fr\/?p=295\">Concert &#8211; Marche Nocturne de Montbarrey &#8211; 2 ao\u00fbt 2024<\/a><div class=\"wp-block-latest-posts__post-excerpt\">Un grand merci au Comit\u00e9 des f\u00eates de Montbarrey et au super public pour cette belle soir\u00e9e \u00e0 l\u2019occasion du March\u00e9 Nocturne de Montbarrey\u00c0 tr\u00e8s &hellip; <\/div><\/li>\n<li><a class=\"wp-block-latest-posts__post-title\" href=\"https:\/\/capucineduo.fr\/?p=292\">Concert &#8211; La Guinguette de Pontailler &#8211; 27 juillet 2024<\/a><div class=\"wp-block-latest-posts__post-excerpt\">Un grand merci \u00e0 La guinguette de pontailler , \u00e0 Nicolas et son \u00e9quipe pour leur accueil, sans oublier le public au top et chaleureux. &hellip; <\/div><\/li>\n<li><a class=\"wp-block-latest-posts__post-title\" href=\"https:\/\/capucineduo.fr\/?p=289\">Concert &#8211; March\u00e9 au Clair de Lune Foucherans &#8211; 12 juillet 2024<\/a><div class=\"wp-block-latest-posts__post-excerpt\">Un grand merci \u00e0 la Mairie de Foucherans pour leur accueil et cette belle soir\u00e9e de March\u00e9 Au Clair De Lune \ud83c\udf19Merci aux amis, \u00e0 &hellip; <\/div><\/li>\n<li><a class=\"wp-block-latest-posts__post-title\" href=\"https:\/\/capucineduo.fr\/?p=270\">Concert &#8211; 90 ans du Rugby Club Dijonnais &#8211; 29 juin 2024<\/a><div class=\"wp-block-latest-posts__post-excerpt\">Un grand merci au Rugby Club Dijonnais pour leur accueil \ud83d\ude42 De belles retrouvailles et rencontres.Un plaisir \u00e9galement d\u2019avoir pu \u00e9changer avec Apple Red et &hellip; <\/div><\/li>\n<li><a class=\"wp-block-latest-posts__post-title\" href=\"https:\/\/capucineduo.fr\/?p=267\">Concert &#8211; Kermesse \u00e9cole Abergement La Ronce &#8211; 28 juin 2024<\/a><div class=\"wp-block-latest-posts__post-excerpt\">Un moment bien sympa pour f\u00eater la fin de l\u2019ann\u00e9e \ud83d\ude42<\/div><\/li>\n<li><a class=\"wp-block-latest-posts__post-title\" href=\"https:\/\/capucineduo.fr\/?p=262\">Concert &#8211; Marathon des Vins de la C\u00f4te Chalonnaise &#8211; 23 mars 2024<\/a><div class=\"wp-block-latest-posts__post-excerpt\">Une grosse ambiance au Marathon des Vins de la C\u00f4te Chalonnaise, ravitaillement du 30aime km du Domaine JEANNIN-NALTET, Mercurey ( Bourgogne )Merci \u00e0 tous, aux &hellip; <\/div><\/li>\n<li><a class=\"wp-block-latest-posts__post-title\" href=\"https:\/\/capucineduo.fr\/?p=255\">Concert &#8211; H\u00f4tel Mercure Clemenceau &amp; Restaurant Le Chanteur De Bourgogne &#8211; 14 septembre 2023<\/a><div class=\"wp-block-latest-posts__post-excerpt\">Une tr\u00e8s belle soir\u00e9e musicale au Mercure Dijon Centre Clemenceau &amp; Restaurant Le Chateau BourgogneUn grand merci pour votre accueil et sympathie, aux amis pr\u00e9sents &hellip; <\/div><\/li>\n<li><a class=\"wp-block-latest-posts__post-title\" href=\"https:\/\/capucineduo.fr\/?p=249\">Concert &#8211; Dijon Cit\u00e9 Gastronomique &#8211; 5 ao\u00fbt 2023<\/a><div class=\"wp-block-latest-posts__post-excerpt\">Un tr\u00e8s grand merci \u00e0 tous pour cette belle soir\u00e9e concert \u00e0 Dijon &#8211; Cit\u00e9 internationale de la gastronomie et du vin, nous avons pass\u00e9 &hellip; <\/div><\/li>\n<li><a class=\"wp-block-latest-posts__post-title\" href=\"https:\/\/capucineduo.fr\/?p=237\">Article de presse Le Progr\u00e8s &#8211; March\u00e9 des Producteurs<\/a><div class=\"wp-block-latest-posts__post-excerpt\">Un tr\u00e8s bel article de presse Le Progres sur Capucine DuoMerci \ud83d\ude0d<\/div><\/li>\n<li><a class=\"wp-block-latest-posts__post-title\" href=\"https:\/\/capucineduo.fr\/?p=234\">Concert &#8211; Il Ristorante &#8211; 27 juillet 2023<\/a><div class=\"wp-block-latest-posts__post-excerpt\">Belle soir\u00e9e d\u00eener &#8211; concert au Il Ristorante\ud83e\udd18\ud83c\udf7b<\/div><\/li>\n<li><a class=\"wp-block-latest-posts__post-title\" href=\"https:\/\/capucineduo.fr\/?p=229\">Concert &#8211; Guinguettes de Chalon Sur Sa\u00f4ne &#8211; 10 juillet 23<\/a><div class=\"wp-block-latest-posts__post-excerpt\">Petits extraits du concert \u00e0 l\u2019occasion des Guinguettes de Chalon-Sur-Sa\u00f4ne. Merci pour l\u2019accueil et la sympathie de toute l\u2019\u00e9quipeMerci \u00e0 la r\u00e9gie pour le son &hellip; <\/div><\/li>\n<li><a class=\"wp-block-latest-posts__post-title\" href=\"https:\/\/capucineduo.fr\/?p=223\">Concert &#8211; F\u00eate Espace Grevy Mont Sous Vaudrey &#8211; 8 juillet 2023<\/a><div class=\"wp-block-latest-posts__post-excerpt\">Superbe soir\u00e9e concert avec l\u2019association de l\u2019espace Grevy et Groove Latitude Beaune \ud83e\udd18\ud83c\udf7bMerci \u00e9galement \u00e0 C\u00e9dric venu nous accompagner \ud83d\ude09Merci \u00e0 tous<\/div><\/li>\n<li><a class=\"wp-block-latest-posts__post-title\" href=\"https:\/\/capucineduo.fr\/?p=217\">Concert &#8211; F\u00eate Patronale Abergement La Ronce &#8211; 2 juillet 2023<\/a><div class=\"wp-block-latest-posts__post-excerpt\">Un grand merci \u00e0 la Municipalit\u00e9 et \u00e0 l\u2019association des V\u00e9t\u00e9rans du foot de l\u2019Abergement La Ronce pour ce week end de f\u00eate Patronale \ud83e\udd18Merci &hellip; <\/div><\/li>\n<li><a class=\"wp-block-latest-posts__post-title\" href=\"https:\/\/capucineduo.fr\/?p=220\">Concert &#8211; F\u00eate de la Musique APE Abergement La Ronce &#8211; 24 juin 2023<\/a><div class=\"wp-block-latest-posts__post-excerpt\"><\/div><\/li>\n<li><a class=\"wp-block-latest-posts__post-title\" href=\"https:\/\/capucineduo.fr\/?p=204\">Concert &#8211; F\u00eates de la Musique \u00e0 Molay &#8211; 18 juin 2023<\/a><div class=\"wp-block-latest-posts__post-excerpt\">Merci pour cette belle journ\u00e9e festive \u00e0 Molay \ud83d\ude42Toujours un grand plaisir de partager ces moments de Danse et de Musique avec Danse Jennifer, vous &hellip; <\/div><\/li>\n<li><a class=\"wp-block-latest-posts__post-title\" href=\"https:\/\/capucineduo.fr\/?p=201\">Concert &#8211; March\u00e9 de Villette Les Dole &#8211; 8 mai 2023<\/a><div class=\"wp-block-latest-posts__post-excerpt\">Belle journ\u00e9e festive \u00e0 Villette Les Dole<\/div><\/li>\n<li><a class=\"wp-block-latest-posts__post-title\" href=\"https:\/\/capucineduo.fr\/?p=189\">Concert &#8211; La P\u2019tite Bourgogne &#8211; 22 avril 2023<\/a><div class=\"wp-block-latest-posts__post-excerpt\">Une superbe soir\u00e9e \u00e0 La p&rsquo;tite Bourgogne : merci votre l\u2019accueil, votre sympathie, aux amis pr\u00e9sents et au public au top !!<\/div><\/li>\n<li><a class=\"wp-block-latest-posts__post-title\" href=\"https:\/\/capucineduo.fr\/?p=180\">Concert &#8211; Marathon des Vins de la C\u00f4te Ch\u00e2lonnaise &#8211;  25 mars 2023<\/a><div class=\"wp-block-latest-posts__post-excerpt\">Un grand merci au Marathon des Vins de la C\u00f4te Chalonnaise, au Domaine JEANNIN-NALTET, \u00e0 Mercurey et aux Marathoniens pour leurs sympathies et leurs bonnes &hellip; <\/div><\/li>\n<li><a class=\"wp-block-latest-posts__post-title\" href=\"https:\/\/capucineduo.fr\/?p=174\">Concert &#8211; Repas des a\u00een\u00e9s Bessey Les C\u00eeteaux &#8211; 26 novembre 2022<\/a><div class=\"wp-block-latest-posts__post-excerpt\">Un grand merci \u00e0 @ludidembess pour les superbes photos, \u00e0 toute l\u2019\u00e9quipe de la Mairie pour l\u2019accueil et au public au top \ud83e\udd18<\/div><\/li>\n<li><a class=\"wp-block-latest-posts__post-title\" href=\"https:\/\/capucineduo.fr\/?p=166\">Concert &#8211; La Ch\u00e2telaine &#8211; 19 novembre 2022<\/a><div class=\"wp-block-latest-posts__post-excerpt\">Superbe soir\u00e9e concert \u00e0 La Ch\u00e2telaine : un grand merci au Foyer Rural et au public \ud83e\udd18\ud83c\udf7b<\/div><\/li>\n<li><a class=\"wp-block-latest-posts__post-title\" href=\"https:\/\/capucineduo.fr\/?p=147\">Concert &#8211; La p\u2019tite Bourgogne &#8211; 22 octobre 2022<\/a><div class=\"wp-block-latest-posts__post-excerpt\">Encore un grand merci au Restaurant La p&rsquo;tite Bourgogne pour leur accueil et sympathie ainsi qu\u2019aux amis, famille et public pr\u00e9sents dans une ambiance au &hellip; <\/div><\/li>\n<li><a class=\"wp-block-latest-posts__post-title\" href=\"https:\/\/capucineduo.fr\/?p=47\">Concert priv\u00e9 &#8211; Anniversaire de mariage &#8211; 20 ao\u00fbt 2022<\/a><div class=\"wp-block-latest-posts__post-excerpt\">Belle journ\u00e9e d&rsquo;anniversaire de mariage \ud83d\ude0aMerci \u00e0 tous pour votre sympathie<\/div><\/li>\n<li><a class=\"wp-block-latest-posts__post-title\" href=\"https:\/\/capucineduo.fr\/?p=79\">Concert &#8211; Les Nuits Rebelles &#8211; 3 juillet 2022<\/a><div class=\"wp-block-latest-posts__post-excerpt\">Merci aux troupes de danse Les Methys et Les Supermums de nous avoir convi\u00e9 \u00e0 faire une premi\u00e8re partie en leurs compagnies :<\/div><\/li>\n<li><a class=\"wp-block-latest-posts__post-title\" href=\"https:\/\/capucineduo.fr\/?p=51\">Concert prive &#8211; Anniversaire J\u00e9r\u00f4me &#8211; 9 juillet 2022<\/a><div class=\"wp-block-latest-posts__post-excerpt\">Belle soir\u00e9e pour l&rsquo;anniversaire de J\u00e9r\u00f4me \ud83d\ude09Superbe ambiance : merci \u00e0 tous<\/div><\/li>\n<li><a class=\"wp-block-latest-posts__post-title\" href=\"https:\/\/capucineduo.fr\/?p=85\">Concert &#8211; Brasserie Le Rameau &#8211; 25 juin 2022<\/a><div class=\"wp-block-latest-posts__post-excerpt\">Un grand plaisir de se retrouver pour la F\u00eate de la musique \u00e0 la brasserie Le Rameau avec BluteurMerci \u00e0 tous et \u00e0 tr\u00e8s vite<\/div><\/li>\n<li><a class=\"wp-block-latest-posts__post-title\" href=\"https:\/\/capucineduo.fr\/?p=89\">Concert &#8211; F\u00eate de la musique &#8211; 21 juin 2022<\/a><div class=\"wp-block-latest-posts__post-excerpt\"><\/div><\/li>\n<li><a class=\"wp-block-latest-posts__post-title\" href=\"https:\/\/capucineduo.fr\/?p=96\">Concert priv\u00e9 &#8211; Mariage &#8211; 5 juin 2022<\/a><div class=\"wp-block-latest-posts__post-excerpt\"><\/div><\/li>\n<li><a class=\"wp-block-latest-posts__post-title\" href=\"https:\/\/capucineduo.fr\/?p=100\">Concert &#8211; Le village Di\u2019Vins &#8211; 28 mai 2022<\/a><div class=\"wp-block-latest-posts__post-excerpt\">Un tr\u00e8s grand plaisir de jouer dans notre village Abergement La Ronce \u00e0 l&rsquo;occasion du 1ier \u00e9v\u00e8nement \u00ab Le village DiVins \u00bb \ud83d\ude0aUn grand merci &hellip; <\/div><\/li>\n<li><a class=\"wp-block-latest-posts__post-title\" href=\"https:\/\/capucineduo.fr\/?p=124\">Concert &#8211; Le Cha\u2019Lon Bar &#8211; 7 mai 2022<\/a><div class=\"wp-block-latest-posts__post-excerpt\">Super moment pass\u00e9 au Le Cha&rsquo;Lon, avec les Bluteur.Un accueil toujours aussi chaleureux, un public pr\u00e9sent : Merci \u00e0 vous et aux amis venus nous &hellip; <\/div><\/li>\n<li><a class=\"wp-block-latest-posts__post-title\" href=\"https:\/\/capucineduo.fr\/?p=129\">Concert &#8211; Marathon des vins se la C\u00f4te Ch\u00e2lonnaise &#8211; 26 mars 2022<\/a><div class=\"wp-block-latest-posts__post-excerpt\">Encore un grand merci au Marathon des Vins de la C\u00f4te Chalonnaise et aux Marathoniens pour leurs sympathies et leurs bonnes humeurs.Un super moment pass\u00e9 &hellip; <\/div><\/li>\n<li><a class=\"wp-block-latest-posts__post-title\" href=\"https:\/\/capucineduo.fr\/?p=137\">Concert &#8211; Bar &#038; Tapas Le Bz &#8211; 3 d\u00e9cembre 2021<\/a><div class=\"wp-block-latest-posts__post-excerpt\">Extrait vid\u00e9o du concert au Le Bz &#8211; Bar Tapas \u00e0 l&rsquo;occasion de la Nuit Des Bars De Nowel de Dole.Un grand merci \u00e0 Nathalie &hellip; <\/div><\/li>\n<\/ul>","protected":false},"excerpt":{"rendered":"","protected":false},"author":1,"featured_media":0,"parent":0,"menu_order":0,"comment_status":"closed","ping_status":"closed","template":"","meta":{"om_disable_all_campaigns":false,"_monsterinsights_skip_tracking":false,"_monsterinsights_sitenote_active":false,"_monsterinsights_sitenote_note":"","_monsterinsights_sitenote_category":0,"footnotes":""},"class_list":["post-37","page","type-page","status-publish","hentry"],"aioseo_notices":[],"jetpack_sharing_enabled":true,"_links":{"self":[{"href":"https:\/\/capucineduo.fr\/index.php?rest_route=\/wp\/v2\/pages\/37","targetHints":{"allow":["GET"]}}],"collection":[{"href":"https:\/\/capucineduo.fr\/index.php?rest_route=\/wp\/v2\/pages"}],"about":[{"href":"https:\/\/capucineduo.fr\/index.php?rest_route=\/wp\/v2\/types\/page"}],"author":[{"embeddable":true,"href":"https:\/\/capucineduo.fr\/index.php?rest_route=\/wp\/v2\/users\/1"}],"replies":[{"embeddable":true,"href":"https:\/\/capucineduo.fr\/index.php?rest_route=%2Fwp%2Fv2%2Fcomments&post=37"}],"version-history":[{"count":11,"href":"https:\/\/capucineduo.fr\/index.php?rest_route=\/wp\/v2\/pages\/37\/revisions"}],"predecessor-version":[{"id":163,"href":"https:\/\/capucineduo.fr\/index.php?rest_route=\/wp\/v2\/pages\/37\/revisions\/163"}],"wp:attachment":[{"href":"https:\/\/capucineduo.fr\/index.php?rest_route=%2Fwp%2Fv2%2Fmedia&parent=37"}],"curies":[{"name":"wp","href":"https:\/\/api.w.org\/{rel}","templated":true}]}}